{"id":555,"date":"2026-08-24T08:46:57","date_gmt":"2026-08-24T08:46:57","guid":{"rendered":"https:\/\/atelierdreizehn.de\/?page_id=555"},"modified":"2026-08-24T08:46:57","modified_gmt":"2026-08-24T08:46:57","slug":"%f0%9f%8e%a8-ausstellung-nr-6-im-atelier-dreizehn","status":"publish","type":"page","link":"https:\/\/atelierdreizehn.de\/","title":{"rendered":"&#x1f3a8; Ausstellung Nr. 6 im Atelier Dreizehn"},"content":{"rendered":"\n<p>Unter dem Titel <strong>\u201eZum hundertsten Geburtstag\u201c<\/strong> zeigt das Atelier Dreizehn ausgew\u00e4hlte Werke von <strong>Carola Baumbach-Seifert<\/strong>.<\/p>\n\n\n\n<p>Die Ausstellung ist noch bis zum <strong>27. September 2026<\/strong> zu sehen.<\/p>\n\n\n\n<p>&#x1f4cd; <strong>Atelier Dreizehn<\/strong><br>Vilsgasse 13, Kallm\u00fcnz<\/p>\n\n\n\n<p>&#x1f550; <strong>\u00d6ffnungszeiten:<\/strong><br>Samstag und Sonntag von 13 bis 17 Uhr<\/p>\n\n\n\n<p>Wir freuen uns auf euren Besuch!<\/p>\n\n\n\n<p>#AtelierDreizehn #Kallm\u00fcnz #CarolaBaumbachSeifert #Ausstellung #KunstInKallm\u00fcnz #KunstAusDerRegion<\/p>\n\n\n\n<figure class=\"wp-block-image size-full\"><img loading=\"lazy\" decoding=\"async\" width=\"836\" height=\"540\" src=\"https:\/\/atelierdreizehn.de\/wp-content\/uploads\/2026\/08\/IMG_0110.jpeg\" alt=\"\" class=\"wp-image-556\" srcset=\"https:\/\/atelierdreizehn.de\/wp-content\/uploads\/2026\/08\/IMG_0110.jpeg 836w, https:\/\/atelierdreizehn.de\/wp-content\/uploads\/2026\/08\/IMG_0110-300x194.jpeg 300w, https:\/\/atelierdreizehn.de\/wp-content\/uploads\/2026\/08\/IMG_0110-768x496.jpeg 768w\" sizes=\"auto, (max-width: 836px) 100vw, 836px\" \/><figcaption class=\"wp-element-caption\">Screenshot<\/figcaption><\/figure>\n","protected":false},"excerpt":{"rendered":"<p>Unter dem Titel \u201eZum hundertsten Geburtstag\u201c zeigt das Atelier Dreizehn ausgew\u00e4hlte Werke von Carola Baumbach-Seifert. Die Ausstellung ist noch bis zum 27. September 2026 zu sehen. &#x1f4cd; Atelier DreizehnVilsgasse 13, Kallm\u00fcnz &#x1f550; \u00d6ffnungszeiten:Samstag und Sonntag von 13 bis 17 Uhr Wir freuen uns auf euren Besuch! #AtelierDreizehn #Kallm\u00fcnz #CarolaBaumbachSeifert #Ausstellung #KunstInKallm\u00fcnz #KunstAusDerRegion<\/p>\n","protected":false},"author":1,"featured_media":0,"parent":0,"menu_order":0,"comment_status":"closed","ping_status":"closed","template":"","meta":{"footnotes":""},"class_list":["post-555","page","type-page","status-publish","hentry"],"_links":{"self":[{"href":"https:\/\/atelierdreizehn.de\/index.php?rest_route=\/wp\/v2\/pages\/555","targetHints":{"allow":["GET"]}}],"collection":[{"href":"https:\/\/atelierdreizehn.de\/index.php?rest_route=\/wp\/v2\/pages"}],"about":[{"href":"https:\/\/atelierdreizehn.de\/index.php?rest_route=\/wp\/v2\/types\/page"}],"author":[{"embeddable":true,"href":"https:\/\/atelierdreizehn.de\/index.php?rest_route=\/wp\/v2\/users\/1"}],"replies":[{"embeddable":true,"href":"https:\/\/atelierdreizehn.de\/index.php?rest_route=%2Fwp%2Fv2%2Fcomments&post=555"}],"version-history":[{"count":1,"href":"https:\/\/atelierdreizehn.de\/index.php?rest_route=\/wp\/v2\/pages\/555\/revisions"}],"predecessor-version":[{"id":558,"href":"https:\/\/atelierdreizehn.de\/index.php?rest_route=\/wp\/v2\/pages\/555\/revisions\/558"}],"wp:attachment":[{"href":"https:\/\/atelierdreizehn.de\/index.php?rest_route=%2Fwp%2Fv2%2Fmedia&parent=555"}],"curies":[{"name":"wp","href":"https:\/\/api.w.org\/{rel}","templated":true}]}}